{"id":2485,"date":"2025-05-03T01:49:59","date_gmt":"2025-05-02T23:49:59","guid":{"rendered":"https:\/\/dakr.flaw.uniba.sk\/?page_id=2485"},"modified":"2026-01-07T17:04:51","modified_gmt":"2026-01-07T16:04:51","slug":"studijny-program-medzinarodne-vztahy-a-diplomacia","status":"publish","type":"page","link":"https:\/\/dakr.flaw.uniba.sk\/sk\/studijny-program-medzinarodne-vztahy-a-diplomacia\/","title":{"rendered":"\u0160tudijn\u00fd program medzin\u00e1rodn\u00e9 vz\u0165ahy a diplomacia"},"content":{"rendered":"<div data-elementor-type=\"wp-page\" data-elementor-id=\"2485\" class=\"elementor elementor-2485\">\n\t\t\t\t<div class=\"elementor-element elementor-element-1a362cfa e-flex e-con-boxed e-con e-parent\" data-id=\"1a362cfa\" data-element_type=\"container\" data-e-type=\"container\">\n\t\t\t\t\t<div class=\"e-con-inner\">\n\t\t\t\t<div class=\"elementor-element elementor-element-3853af96 elementor-widget elementor-widget-heading\" data-id=\"3853af96\" data-element_type=\"widget\" data-e-type=\"widget\" data-widget_type=\"heading.default\">\n\t\t\t\t<div class=\"elementor-widget-container\">\n\t\t\t\t\t<h2 class=\"elementor-heading-title elementor-size-default\">Vzdel\u00e1vac\u00ed program: Medzin\u00e1rodn\u00e9 pr\u00e1vo a diplomacia<\/h2>\t\t\t\t<\/div>\n\t\t\t\t<\/div>\n\t\t\t\t<div class=\"elementor-element elementor-element-2a4a2798 elementor-widget-divider--view-line elementor-widget elementor-widget-divider\" data-id=\"2a4a2798\" data-element_type=\"widget\" data-e-type=\"widget\" data-widget_type=\"divider.default\">\n\t\t\t\t<div class=\"elementor-widget-container\">\n\t\t\t\t\t\t\t<div class=\"elementor-divider\">\n\t\t\t<span class=\"elementor-divider-separator\">\n\t\t\t\t\t\t<\/span>\n\t\t<\/div>\n\t\t\t\t\t\t<\/div>\n\t\t\t\t<\/div>\n\t\t\t\t<div class=\"elementor-element elementor-element-32dd4331 elementor-widget elementor-widget-text-editor\" data-id=\"32dd4331\" data-element_type=\"widget\" data-e-type=\"widget\" data-widget_type=\"text-editor.default\">\n\t\t\t\t<div class=\"elementor-widget-container\">\n\t\t\t\t\t\t\t\t\t<p>\u00a0<\/p>\n<p><strong>\u0160tudujte medzin\u00e1rodn\u00e9 pr\u00e1vo a diplomaciu<\/strong> na Diplomatickej akad\u00e9mii Karola Ryb\u00e1rika\u00a0 &#8211;\u00a0 <strong>dopl\u0148uj\u00face jednoro\u010dn\u00e9 \u0161pecializa\u010dn\u00e9 vzdel\u00e1vanie<\/strong><\/p>\n<p><!-- \/wp:paragraph --><\/p>\n<p><!-- wp:paragraph --><\/p>\t\t\t\t\t\t\t\t<\/div>\n\t\t\t\t<\/div>\n\t\t\t\t<div class=\"elementor-element elementor-element-7cf8bae elementor-widget elementor-widget-text-editor\" data-id=\"7cf8bae\" data-element_type=\"widget\" data-e-type=\"widget\" data-widget_type=\"text-editor.default\">\n\t\t\t\t<div class=\"elementor-widget-container\">\n\t\t\t\t\t\t\t\t\t<p><\/p>\n<p><b>O programe<\/b><\/p>\n<p><!-- \/wp:paragraph --><\/p>\n<p><!-- wp:paragraph --><\/p>\n<p><\/p>\t\t\t\t\t\t\t\t<\/div>\n\t\t\t\t<\/div>\n\t\t\t\t<div class=\"elementor-element elementor-element-bb30d80 elementor-widget elementor-widget-text-editor\" data-id=\"bb30d80\" data-element_type=\"widget\" data-e-type=\"widget\" data-widget_type=\"text-editor.default\">\n\t\t\t\t<div class=\"elementor-widget-container\">\n\t\t\t\t\t\t\t\t\t<p><span style=\"font-style: inherit; font-weight: inherit;\">Vzdel\u00e1vac\u00ed program <strong>Medzin\u00e1rodn\u00e9 pr\u00e1vo a diplomacia<\/strong> predstavuje ro\u010dn\u00e9 odborn\u00e9 vzdel\u00e1vanie pre absolventov druh\u00e9ho stup\u0148a vysoko\u0161kolsk\u00e9ho \u0161t\u00fadia, ktor\u00ed sa chc\u00fa profilova\u0165 v oblasti diplomacie, medzin\u00e1rodn\u00e9ho pr\u00e1va a glob\u00e1lnych vz\u0165ahov. <\/span><\/p>\n<p><span style=\"font-style: inherit; font-weight: inherit;\">Program je poskytovan\u00fd <strong>Diplomatickou akad\u00e9miou Karola Ryb\u00e1rika, Pr\u00e1vnick\u00e1 fakulta Univerzity Komensk\u00e9ho v Bratislave<\/strong>.<\/span><\/p>\n<p><!-- \/wp:paragraph --><\/p>\n<p><!-- wp:paragraph --><\/p>\n<p>\u00a0<\/p>\t\t\t\t\t\t\t\t<\/div>\n\t\t\t\t<\/div>\n\t\t\t\t<div class=\"elementor-element elementor-element-11eca28 elementor-widget elementor-widget-text-editor\" data-id=\"11eca28\" data-element_type=\"widget\" data-e-type=\"widget\" data-widget_type=\"text-editor.default\">\n\t\t\t\t<div class=\"elementor-widget-container\">\n\t\t\t\t\t\t\t\t\t<p><\/p>\n<p><span style=\"font-style: inherit;\"><b>\u010co pon\u00fakame?&nbsp;<\/b><\/span><\/p>\n<p><!-- \/wp:paragraph --><\/p>\n<p><!-- wp:paragraph --><\/p>\n<p><\/p>\t\t\t\t\t\t\t\t<\/div>\n\t\t\t\t<\/div>\n\t\t\t\t<div class=\"elementor-element elementor-element-5e0b7d6 elementor-widget elementor-widget-text-editor\" data-id=\"5e0b7d6\" data-element_type=\"widget\" data-e-type=\"widget\" data-widget_type=\"text-editor.default\">\n\t\t\t\t<div class=\"elementor-widget-container\">\n\t\t\t\t\t\t\t\t\t<ul class=\"\">\n<li class=\"scriptor-listItemlist!list-f2feba59-4a72-4e0f-9664-00a5dced28560\"><strong>Prakticky orientovan\u00e9 vzdel\u00e1vanie<\/strong> s d\u00f4razom na aktu\u00e1lne v\u00fdzvy medzin\u00e1rodn\u00e9ho prostredia.\u00a0<\/li>\n<li class=\"scriptor-listItemlist!list-f2feba59-4a72-4e0f-9664-00a5dced28560\"><strong>V\u00fdu\u010dbu veden\u00fa odborn\u00edkmi z praxe<\/strong>\u00a0 &#8211;\u00a0 akt\u00edvnymi aj b\u00fdval\u00fdmi diplomatmi, ako aj sk\u00fasen\u00fdmi pedag\u00f3gmi z Pr\u00e1vnickej fakulty UK.\u00a0<\/li>\n<li class=\"scriptor-listItemlist!list-f2feba59-4a72-4e0f-9664-00a5dced28560\"><strong>\u0160irok\u00e9 spektrum predmetov<\/strong>, od diplomatick\u00e9ho protokolu, cez pr\u00e1vo E\u00da a\u017e po \u0161pecializovan\u00e9 region\u00e1lne \u0161t\u00fadi\u00e1.\u00a0<\/li>\n<li class=\"scriptor-listItemlist!list-f2feba59-4a72-4e0f-9664-00a5dced28560\"><strong>Interakt\u00edvne formy v\u00fdu\u010dby<\/strong> vr\u00e1tane pr\u00edpadov\u00fdch \u0161t\u00fadi\u00ed, simul\u00e1ci\u00ed a odborn\u00fdch diskusi\u00ed.\u00a0<\/li>\n<\/ul>\n<p><!-- \/wp:paragraph --><\/p>\n<p><!-- wp:paragraph --><\/p>\n<p>\u00a0<\/p>\t\t\t\t\t\t\t\t<\/div>\n\t\t\t\t<\/div>\n\t\t\t\t<div class=\"elementor-element elementor-element-4ecef88 elementor-widget elementor-widget-text-editor\" data-id=\"4ecef88\" data-element_type=\"widget\" data-e-type=\"widget\" data-widget_type=\"text-editor.default\">\n\t\t\t\t<div class=\"elementor-widget-container\">\n\t\t\t\t\t\t\t\t\t<p><span style=\"font-style: inherit;\"><b>Obsah vzdel\u00e1vacieho programu<\/b><\/span><\/p>\n<p><!-- \/wp:paragraph --><\/p>\n<p><!-- wp:paragraph --><\/p>\n<p>\u00a0<\/p>\t\t\t\t\t\t\t\t<\/div>\n\t\t\t\t<\/div>\n\t\t\t\t<div class=\"elementor-element elementor-element-d2ffc7a elementor-widget elementor-widget-text-editor\" data-id=\"d2ffc7a\" data-element_type=\"widget\" data-e-type=\"widget\" data-widget_type=\"text-editor.default\">\n\t\t\t\t<div class=\"elementor-widget-container\">\n\t\t\t\t\t\t\t\t\t<div class=\"scriptor-paragraph\">Vzdel\u00e1vac\u00ed pl\u00e1n zah\u0155\u0148a nasleduj\u00face tematick\u00e9 okruhy:<\/div>\n<ul class=\"\">\n<li class=\"scriptor-listItemlist!list-f2feba59-4a72-4e0f-9664-00a5dced28561\">Diplomatick\u00fd protokol a etiketa<\/li>\n<li class=\"scriptor-listItemlist!list-f2feba59-4a72-4e0f-9664-00a5dced28561\">Medzin\u00e1rodn\u00e9 vz\u0165ahy<\/li>\n<li class=\"scriptor-listItemlist!list-f2feba59-4a72-4e0f-9664-00a5dced28561\">Medzin\u00e1rodn\u00e9 organiz\u00e1cie<\/li>\n<li>\n<p class=\"p1\"><span class=\"s1\">Medzin\u00e1rodn\u00e1 ochrana \u013eudsk\u00fdch pr\u00e1v<\/span><\/p>\n<\/li>\n<li>\n<p class=\"p1\">Medzin\u00e1rodn\u00e9 pr\u00e1vo verejn\u00e9<\/p>\n<\/li>\n<li>\n<p class=\"p1\"><span class=\"s1\">Medzin\u00e1rodn\u00e9 obchodn\u00e9 pr\u00e1vo<\/span><\/p>\n<\/li>\n<li>\n<p class=\"p1\">Pr\u00e1vo Eur\u00f3pskej \u00fanie<\/p>\n<\/li>\n<li>\n<p class=\"p1\"><span class=\"s1\">Spolo\u010dn\u00e1 zahrani\u010dn\u00e1 a bezpe\u010dnostn\u00e1 politika E\u00da<\/span><\/p>\n<\/li>\n<li class=\"scriptor-listItemlist!list-f2feba59-4a72-4e0f-9664-00a5dced28561\">\n<p class=\"p1\"><span class=\"s1\">Region\u00e1lne \u0161t\u00fadi\u00e1 (Bl\u00edzky v\u00fdchod, Latinsk\u00e1 Amerika, Ukrajinsk\u00e9 paradoxy, Z\u00e1padn\u00fd Balk\u00e1n a pod.)<\/span><\/p>\n<\/li>\n<li class=\"scriptor-listItemlist!list-f2feba59-4a72-4e0f-9664-00a5dced28561\">Kult\u00farna diplomacia<\/li>\n<li class=\"scriptor-listItemlist!list-f2feba59-4a72-4e0f-9664-00a5dced28561\">Ekonomick\u00e1 diplomacia<\/li>\n<li>\n<p class=\"p1\"><span class=\"s1\">Umenie argument\u00e1cie a diskusie<\/span><\/p>\n<\/li>\n<\/ul>\n<p><!-- \/wp:paragraph --><\/p>\n<p><!-- wp:paragraph --><\/p>\n<p>\u00a0<\/p>\t\t\t\t\t\t\t\t<\/div>\n\t\t\t\t<\/div>\n\t\t\t\t<div class=\"elementor-element elementor-element-a0bd359 elementor-widget elementor-widget-text-editor\" data-id=\"a0bd359\" data-element_type=\"widget\" data-e-type=\"widget\" data-widget_type=\"text-editor.default\">\n\t\t\t\t<div class=\"elementor-widget-container\">\n\t\t\t\t\t\t\t\t\t<div class=\"scriptor-paragraph\"><b>Ambassador Forum<\/b><\/div>\t\t\t\t\t\t\t\t<\/div>\n\t\t\t\t<\/div>\n\t\t\t\t<div class=\"elementor-element elementor-element-fdaccc4 elementor-widget elementor-widget-text-editor\" data-id=\"fdaccc4\" data-element_type=\"widget\" data-e-type=\"widget\" data-widget_type=\"text-editor.default\">\n\t\t\t\t<div class=\"elementor-widget-container\">\n\t\t\t\t\t\t\t\t\t<div class=\"scriptor-paragraph\">Neoddelite\u013enou s\u00fa\u010das\u0165ou vzdel\u00e1vacieho programu je aj <strong>Ambassador Forum<\/strong> &#8211; s\u00e9ria diskusi\u00ed, na ktor\u00fdch vystupuj\u00fa ve\u013evyslanci, \u010di v\u00fdznamn\u00ed odborn\u00edci z praxe. \u0160tudenti tak maj\u00fa mo\u017enos\u0165 vst\u00fapi\u0165 do priameho dial\u00f3gu s profesion\u00e1lmi, ktor\u00ed formuj\u00fa zahrani\u010dn\u00fa politiku, a diskutova\u0165 o aktu\u00e1lnych medzin\u00e1rodn\u00fdch t\u00e9mach.<\/div>\t\t\t\t\t\t\t\t<\/div>\n\t\t\t\t<\/div>\n\t\t\t\t<div class=\"elementor-element elementor-element-a43a403 elementor-widget elementor-widget-text-editor\" data-id=\"a43a403\" data-element_type=\"widget\" data-e-type=\"widget\" data-widget_type=\"text-editor.default\">\n\t\t\t\t<div class=\"elementor-widget-container\">\n\t\t\t\t\t\t\t\t\t<div class=\"scriptor-paragraph\"><b>Absolvovanie programu<\/b><\/div>\t\t\t\t\t\t\t\t<\/div>\n\t\t\t\t<\/div>\n\t\t\t\t<div class=\"elementor-element elementor-element-0489278 elementor-widget elementor-widget-text-editor\" data-id=\"0489278\" data-element_type=\"widget\" data-e-type=\"widget\" data-widget_type=\"text-editor.default\">\n\t\t\t\t<div class=\"elementor-widget-container\">\n\t\t\t\t\t\t\t\t\t<div class=\"scriptor-paragraph\">\u0160t\u00fadium je ukon\u010den\u00e9 <strong>osved\u010den\u00edm o absolvovan\u00ed<\/strong>, ktor\u00e9 vyd\u00e1va <strong>Pr\u00e1vnick\u00e1 fakulta Univerzity Komensk\u00e9ho v Bratislave<\/strong>.<\/div>\n<div class=\"scriptor-paragraph\">Program neude\u013euje akademick\u00fd titul, av\u0161ak poskytuje cenn\u00e9 vedomosti a kompetencie pre kari\u00e9ru v diplomacii, \u0161t\u00e1tnej spr\u00e1ve, medzin\u00e1rodn\u00fdch organiz\u00e1ci\u00e1ch, \u010di neziskovom sektore.<\/div>\n<div>\u00a0<\/div>\t\t\t\t\t\t\t\t<\/div>\n\t\t\t\t<\/div>\n\t\t\t\t<div class=\"elementor-element elementor-element-a399828 elementor-widget elementor-widget-text-editor\" data-id=\"a399828\" data-element_type=\"widget\" data-e-type=\"widget\" data-widget_type=\"text-editor.default\">\n\t\t\t\t<div class=\"elementor-widget-container\">\n\t\t\t\t\t\t\t\t\t<div class=\"scriptor-paragraph\"><b>Ako sa prihl\u00e1si\u0165?<\/b><\/div>\t\t\t\t\t\t\t\t<\/div>\n\t\t\t\t<\/div>\n\t\t\t\t<div class=\"elementor-element elementor-element-526ec58 elementor-widget elementor-widget-text-editor\" data-id=\"526ec58\" data-element_type=\"widget\" data-e-type=\"widget\" data-widget_type=\"text-editor.default\">\n\t\t\t\t<div class=\"elementor-widget-container\">\n\t\t\t\t\t\t\t\t\t<div class=\"scriptor-paragraph\"><b>Kto sa m\u00f4\u017ee prihl\u00e1si\u0165?<\/b><\/div>\t\t\t\t\t\t\t\t<\/div>\n\t\t\t\t<\/div>\n\t\t\t\t<div class=\"elementor-element elementor-element-ea0d60e elementor-widget elementor-widget-text-editor\" data-id=\"ea0d60e\" data-element_type=\"widget\" data-e-type=\"widget\" data-widget_type=\"text-editor.default\">\n\t\t\t\t<div class=\"elementor-widget-container\">\n\t\t\t\t\t\t\t\t\t<div class=\"scriptor-paragraph\">\n<ul>\n<li>Uch\u00e1dza\u010di so z\u00e1ujmom o medzin\u00e1rodn\u00e9 pr\u00e1vo, diplomaciu a zahrani\u010dn\u00e9 vz\u0165ahy\u00a0\u00a0<\/li>\n<li>Absolventi druh\u00e9ho stup\u0148a vysoko\u0161kolsk\u00e9ho \u0161t\u00fadia (Mgr., Ing., MUDr., MVDr. a pod. &#8211; aj zahrani\u010dn\u00e9 ekvivalenty)\u00a0 \u00a0 \u00a0 \u00a0 \u00a0 \u00a0 \u00a0<\/li>\n<li class=\"scriptor-listItemlist!list-f2feba59-4a72-4e0f-9664-00a5dced28562\">Uch\u00e1dza\u010di so znalos\u0165ou anglick\u00e9ho jazyka na \u00farovni B2\/C1<\/li>\n<\/ul>\n<p>\u00a0<\/p>\n<div>\u00a0<\/div>\n<div>\u00a0<\/div>\n<\/div>\n<div>\u00a0<\/div>\n<div class=\"scriptor-paragraph\">\n<p>\u00a0<\/p>\n<\/div>\t\t\t\t\t\t\t\t<\/div>\n\t\t\t\t<\/div>\n\t\t\t\t<div class=\"elementor-element elementor-element-a5adeb5 elementor-widget__width-initial elementor-widget elementor-widget-text-editor\" data-id=\"a5adeb5\" data-element_type=\"widget\" data-e-type=\"widget\" data-widget_type=\"text-editor.default\">\n\t\t\t\t<div class=\"elementor-widget-container\">\n\t\t\t\t\t\t\t\t\t<div class=\"scriptor-paragraph\">\n<p><em><span class=\"s1\">Nie je potrebn\u00e9 predklada\u0165 potvrdenie (napr. certifik\u00e1t) o jazykovej \u00farovni uch\u00e1dza\u010da. \u0160t\u00fadium prebieha preva\u017ene v slovenskom jazyku, av\u0161ak vybran\u00e9 predmety bud\u00fa veden\u00e9 v angli\u010dtine. Uch\u00e1dza\u010d by preto mal akt\u00edvne ovl\u00e1da\u0165 anglick\u00fd jazyk a s\u00e1m zv\u00e1\u017ei\u0165, \u010di zvl\u00e1dne v\u00fdu\u010dbu v angli\u010dtine. Po\u010das roka sa na DA KR uskuto\u010dnia aj r\u00f4zne diskusie a f\u00f3ra v anglickom jazyku, napr\u00edklad s ve\u013evyslancami z r\u00f4znych kraj\u00edn sveta.<\/span><\/em><\/p>\n<p>\u00a0<\/p>\n<\/div>\t\t\t\t\t\t\t\t<\/div>\n\t\t\t\t<\/div>\n\t\t\t\t<div class=\"elementor-element elementor-element-7cff165 elementor-widget elementor-widget-text-editor\" data-id=\"7cff165\" data-element_type=\"widget\" data-e-type=\"widget\" data-widget_type=\"text-editor.default\">\n\t\t\t\t<div class=\"elementor-widget-container\">\n\t\t\t\t\t\t\t\t\t<p><b>Prihl\u00e1\u0161ka<\/b><\/p>\t\t\t\t\t\t\t\t<\/div>\n\t\t\t\t<\/div>\n\t\t\t\t<div class=\"elementor-element elementor-element-d76cb57 elementor-widget elementor-widget-text-editor\" data-id=\"d76cb57\" data-element_type=\"widget\" data-e-type=\"widget\" data-widget_type=\"text-editor.default\">\n\t\t\t\t<div class=\"elementor-widget-container\">\n\t\t\t\t\t\t\t\t\t<ul class=\"\">\n<li class=\"scriptor-listItemlist!list-f2feba59-4a72-4e0f-9664-00a5dced28563\">Vyplnen\u00fd prihlasovac\u00ed formul\u00e1r (dostupn\u00fd <a href=\"https:\/\/forms.office.com\/Pages\/ResponsePage.aspx?id=jUcxznpu50yGcKW51RiE-TWs6qBN-GZEp8aqKXv-n5ZUQ1FVOEwzNzZVSko3WERQRUpHUjJYQTc0Ti4u\">tu<\/a>)<\/li>\n<\/ul>\n<ul class=\"\">\n<li class=\"scriptor-listItemlist!list-f2feba59-4a72-4e0f-9664-00a5dced28563\">\u0160trukt\u00farovan\u00fd \u017eivotopis (CV)<\/li>\n<\/ul>\n<ul class=\"\">\n<li class=\"scriptor-listItemlist!list-f2feba59-4a72-4e0f-9664-00a5dced28563\">Motiva\u010dn\u00fd list (do 500 slov)<\/li>\n<\/ul>\n<ul class=\"\">\n<li>Potvrdenie o zaplaten\u00ed administrat\u00edvneho poplatku (<b>70 \u20ac na \u00fa\u010det:\u00a0 SK1781800000007000135337<\/b>, variabiln\u00fd symbol: <b>VS1040175023<\/b> do pozn\u00e1mky: DA_prihlaska_priezvisko)<\/li>\n<\/ul>\n<ul class=\"\">\n<li class=\"scriptor-listItemlist!list-f2feba59-4a72-4e0f-9664-00a5dced28563\">Not\u00e1rsky overen\u00e1 k\u00f3pia diplomu o ukon\u010den\u00ed 2. stup\u0148a V\u0160\u00a0<\/li>\n<\/ul>\t\t\t\t\t\t\t\t<\/div>\n\t\t\t\t<\/div>\n\t\t\t\t<div class=\"elementor-element elementor-element-fe9aa6a elementor-widget elementor-widget-text-editor\" data-id=\"fe9aa6a\" data-element_type=\"widget\" data-e-type=\"widget\" data-widget_type=\"text-editor.default\">\n\t\t\t\t<div class=\"elementor-widget-container\">\n\t\t\t\t\t\t\t\t\t<p><em>\u00a0!\u00a0 \u00a0Absolventi Univerzity Komensk\u00e9ho nemusia predklada\u0165 diplom o absolvovan\u00ed 2. stup\u0148a V\u0160 \u0161t\u00fadia, <\/em><em>nako\u013eko si Va\u0161e diplomy vieme doh\u013eada\u0165 v univerzitnej datab\u00e1ze diplomov.\u00a0 \u00a0!<\/em><\/p>\n<p>\u00a0<\/p>\n<p>\u00a0<\/p>\n<p>\u00a0<\/p>\n<p>\u00a0<\/p>\t\t\t\t\t\t\t\t<\/div>\n\t\t\t\t<\/div>\n\t\t\t\t<div class=\"elementor-element elementor-element-ab55da4 elementor-widget elementor-widget-text-editor\" data-id=\"ab55da4\" data-element_type=\"widget\" data-e-type=\"widget\" data-widget_type=\"text-editor.default\">\n\t\t\t\t<div class=\"elementor-widget-container\">\n\t\t\t\t\t\t\t\t\t<p><b style=\"font-style: inherit;\">Sp\u00f4sob podania prihl\u00e1\u0161ky<\/b><\/p>\t\t\t\t\t\t\t\t<\/div>\n\t\t\t\t<\/div>\n\t\t\t\t<div class=\"elementor-element elementor-element-dc1df29 elementor-widget elementor-widget-text-editor\" data-id=\"dc1df29\" data-element_type=\"widget\" data-e-type=\"widget\" data-widget_type=\"text-editor.default\">\n\t\t\t\t<div class=\"elementor-widget-container\">\n\t\t\t\t\t\t\t\t\t<div class=\"scriptor-paragraph\">\n<ul class=\"\">\n<li>Vypl\u0148te prihlasovac\u00ed formul\u00e1r (<a href=\"https:\/\/forms.office.com\/Pages\/ResponsePage.aspx?id=jUcxznpu50yGcKW51RiE-TWs6qBN-GZEp8aqKXv-n5ZUQ1FVOEwzNzZVSko3WERQRUpHUjJYQTc0Ti4u\">tu<\/a>)<\/li>\n<\/ul>\n<ul class=\"\">\n<li class=\"scriptor-listItemlist!list-f2feba59-4a72-4e0f-9664-00a5dced28563\">Pr\u00edlohy prihl\u00e1\u0161ky: <strong>CV + motiva\u010dn\u00fd list <!--ScriptorStartFragment-->+ sken not\u00e1rsky overenej k\u00f3pie diplomu + potvrdenie o zaplaten\u00ed administrat\u00edvneho poplatku <!--ScriptorEndFragment--><\/strong> za\u0161lite elektronicky<strong> e-mailom <\/strong>na <strong><a href=\"mailto:da@flaw.uniba.sk\"><em>da@flaw.uniba.sk <\/em><\/a><\/strong>( ! <strong style=\"font-size: 16px;\">Origin\u00e1l<\/strong> <strong style=\"font-size: 16px;\">not\u00e1rsky overenej k\u00f3pie V\u0160 diplomu<\/strong><span style=\"font-size: 16px;\"> je potrebn\u00e9 prinies\u0165 aj osobne na prij\u00edmac\u00ed pohovor. ! )<\/span><\/li>\n<\/ul>\n<p><span style=\"font-style: italic; background-color: var(--ms-themecolorpalettebackgroundcolorred, #f0d9db);\"><!--ScriptorEndFragment--><\/span><\/p>\n<\/div>\t\t\t\t\t\t\t\t<\/div>\n\t\t\t\t<\/div>\n\t\t\t\t<div class=\"elementor-element elementor-element-c9c0cd5 elementor-widget elementor-widget-text-editor\" data-id=\"c9c0cd5\" data-element_type=\"widget\" data-e-type=\"widget\" data-widget_type=\"text-editor.default\">\n\t\t\t\t<div class=\"elementor-widget-container\">\n\t\t\t\t\t\t\t\t\t<p><b>Term\u00edny a cena programu<\/b><\/p>\t\t\t\t\t\t\t\t<\/div>\n\t\t\t\t<\/div>\n\t\t\t\t<div class=\"elementor-element elementor-element-f3448ee elementor-widget elementor-widget-text-editor\" data-id=\"f3448ee\" data-element_type=\"widget\" data-e-type=\"widget\" data-widget_type=\"text-editor.default\">\n\t\t\t\t<div class=\"elementor-widget-container\">\n\t\t\t\t\t\t\t\t\t<div class=\"scriptor-paragraph\">\n<p>Za\u010diatok v\u00fdu\u010dby: <strong>september 2026<\/strong><\/p>\n<p>D\u013a\u017eka trvania: <strong>1 akademick\u00fd rok<\/strong><\/p>\n<p>Forma v\u00fdu\u010dby: <strong>prezen\u010dn\u00e1 blokov\u00e1 (piatky a soboty)\u00a0<\/strong><\/p>\n<\/div>\n<p>Miesto konania: <b>Pr\u00e1vnick\u00e1 fakulta UK, Bratislava<\/b> <i>(\u0160af\u00e1rikovo n\u00e1mestie 6, <!--ScriptorStartFragment-->810 00 Bratislava<!--ScriptorEndFragment-->)<\/i><\/p>\n<div class=\"scriptor-paragraph\">\n<p>Cena vzdel\u00e1vacieho programu: <strong>2 500 \u20ac \/ akademick\u00fd rok<\/strong>\u00a0 \u00a0 \u00a0<\/p>\n<p>Term\u00edn prihlasovania na nov\u00fd akademick\u00fd rok 2026\/2027 zverejn\u00edme \u010doskoro.\u00a0 \u00a0 \u00a0 \u00a0 \u00a0 \u00a0 \u00a0 \u00a0 \u00a0 \u00a0 \u00a0 \u00a0 \u00a0 \u00a0 \u00a0 \u00a0 \u00a0 \u00a0 \u00a0 \u00a0 \u00a0 \u00a0 \u00a0 \u00a0 \u00a0 \u00a0 \u00a0 \u00a0 \u00a0 \u00a0 \u00a0\u00a0<\/p>\n<p>\u00a0<\/p>\n<\/div>\t\t\t\t\t\t\t\t<\/div>\n\t\t\t\t<\/div>\n\t\t\t\t<div class=\"elementor-element elementor-element-bf36469 elementor-widget elementor-widget-text-editor\" data-id=\"bf36469\" data-element_type=\"widget\" data-e-type=\"widget\" data-widget_type=\"text-editor.default\">\n\t\t\t\t<div class=\"elementor-widget-container\">\n\t\t\t\t\t\t\t\t\t<div class=\"scriptor-paragraph\">\n<p><strong>Prij\u00edmac\u00ed pohovor<\/strong><\/p>\n<\/div>\t\t\t\t\t\t\t\t<\/div>\n\t\t\t\t<\/div>\n\t\t\t\t<div class=\"elementor-element elementor-element-da07d30 elementor-widget elementor-widget-text-editor\" data-id=\"da07d30\" data-element_type=\"widget\" data-e-type=\"widget\" data-widget_type=\"text-editor.default\">\n\t\t\t\t<div class=\"elementor-widget-container\">\n\t\t\t\t\t\t\t\t\t<div class=\"scriptor-paragraph\">\n<p><!--ScriptorStartFragment--><\/p>\n<p>Term\u00edn:\u00a0 presn\u00fd de\u0148 a \u010das pohovoru bude uch\u00e1dza\u010dom upresnen\u00fd<\/p>\n<p>Obsah pohovoru: <strong>predstavenie uch\u00e1dza\u010da a jeho motiv\u00e1cie \u0161tudova\u0165 na DA KR<\/strong> vedeniu DA KR (m\u00f4\u017ee by\u0165 vy\u017eadovan\u00e9 aj v anglickom jazyku)\u00a0<\/p>\n<p><!--ScriptorEndFragment--><\/p>\n<\/div>\t\t\t\t\t\t\t\t<\/div>\n\t\t\t\t<\/div>\n\t\t\t\t<div class=\"elementor-element elementor-element-db83bec elementor-widget elementor-widget-text-editor\" data-id=\"db83bec\" data-element_type=\"widget\" data-e-type=\"widget\" id=\"prihlaska\" data-widget_type=\"text-editor.default\">\n\t\t\t\t<div class=\"elementor-widget-container\">\n\t\t\t\t\t\t\t\t\t<div class=\"scriptor-paragraph\">\n<p><!--ScriptorStartFragment--><\/p>\n<p><b>Zaujal v\u00e1s n\u00e1\u0161 program?<\/b><\/p>\n<p><!--ScriptorEndFragment--><\/p>\n<\/div>\t\t\t\t\t\t\t\t<\/div>\n\t\t\t\t<\/div>\n\t\t\t\t<div class=\"elementor-element elementor-element-7ea288d elementor-widget elementor-widget-text-editor\" data-id=\"7ea288d\" data-element_type=\"widget\" data-e-type=\"widget\" data-widget_type=\"text-editor.default\">\n\t\t\t\t<div class=\"elementor-widget-container\">\n\t\t\t\t\t\t\t\t\t<div class=\"scriptor-paragraph\">\n<p><!--ScriptorStartFragment--><\/p>\n<p>Nev\u00e1hajte sa prihl\u00e1si\u0165 a otvorte si nov\u00e9 mo\u017enosti v oblasti medzin\u00e1rodn\u00e9ho pr\u00e1va a diplomacie.\u00a0<\/p>\n<p><!--ScriptorEndFragment--><\/p>\n<\/div>\t\t\t\t\t\t\t\t<\/div>\n\t\t\t\t<\/div>\n\t\t\t\t<div class=\"elementor-element elementor-element-686fbb9 elementor-widget elementor-widget-text-editor\" data-id=\"686fbb9\" data-element_type=\"widget\" data-e-type=\"widget\" data-widget_type=\"text-editor.default\">\n\t\t\t\t<div class=\"elementor-widget-container\">\n\t\t\t\t\t\t\t\t\t<div class=\"scriptor-paragraph\">\n<p><!--ScriptorStartFragment--><\/p>\n<p><b>Prihl\u00e1ste sa jednoducho online\u00a0 -&gt;\u00a0 kliknite na tla\u010didlo ni\u017e\u0161ie a vypl\u0148te formul\u00e1r.\u00a0<\/b><\/p>\n<p><!--ScriptorEndFragment--><\/p>\n<\/div>\t\t\t\t\t\t\t\t<\/div>\n\t\t\t\t<\/div>\n\t\t\t\t<div class=\"elementor-element elementor-element-4b916f5 elementor-widget elementor-widget-text-editor\" data-id=\"4b916f5\" data-element_type=\"widget\" data-e-type=\"widget\" data-widget_type=\"text-editor.default\">\n\t\t\t\t<div class=\"elementor-widget-container\">\n\t\t\t\t\t\t\t\t\t<div class=\"scriptor-paragraph\">\n<p><!--ScriptorStartFragment--><\/p>\n<p><strong>Te\u0161\u00edme sa na v\u00e1s!<\/strong><\/p>\n<p><!--ScriptorEndFragment--><\/p>\n<\/div>\t\t\t\t\t\t\t\t<\/div>\n\t\t\t\t<\/div>\n\t\t\t\t\t<\/div>\n\t\t\t\t<\/div>\n\t\t<div class=\"elementor-element elementor-element-57fefc82 e-flex e-con-boxed e-con e-parent\" data-id=\"57fefc82\" data-element_type=\"container\" data-e-type=\"container\">\n\t\t\t\t\t<div class=\"e-con-inner\">\n\t\t<a class=\"elementor-element elementor-element-57845fd e-con-full e-flex e-con e-child\" data-id=\"57845fd\" data-element_type=\"container\" data-e-type=\"container\" data-settings=\"{&quot;background_background&quot;:&quot;classic&quot;}\" href=\"https:\/\/forms.office.com\/Pages\/ResponsePage.aspx?id=jUcxznpu50yGcKW51RiE-TWs6qBN-GZEp8aqKXv-n5ZUQ1FVOEwzNzZVSko3WERQRUpHUjJYQTc0Ti4u\">\n\t\t\t\t<div class=\"elementor-element elementor-element-6847180 elementor-widget elementor-widget-text-editor\" data-id=\"6847180\" data-element_type=\"widget\" data-e-type=\"widget\" data-widget_type=\"text-editor.default\">\n\t\t\t\t<div class=\"elementor-widget-container\">\n\t\t\t\t\t\t\t\t\t<p><strong>Prihl\u00e1si\u0165 sa<\/strong><\/p>\t\t\t\t\t\t\t\t<\/div>\n\t\t\t\t<\/div>\n\t\t\t\t<\/a>\n\t\t\t\t\t<\/div>\n\t\t\t\t<\/div>\n\t\t<div class=\"elementor-element elementor-element-23a9784b e-flex e-con-boxed e-con e-parent\" data-id=\"23a9784b\" data-element_type=\"container\" data-e-type=\"container\">\n\t\t\t\t\t<div class=\"e-con-inner\">\n\t\t\t\t<div class=\"elementor-element elementor-element-13ca647 elementor-widget elementor-widget-text-editor\" data-id=\"13ca647\" data-element_type=\"widget\" data-e-type=\"widget\" data-widget_type=\"text-editor.default\">\n\t\t\t\t<div class=\"elementor-widget-container\">\n\t\t\t\t\t\t\t\t\t<div class=\"scriptor-paragraph\">\n<p><!--ScriptorStartFragment--><\/p>\n<p>\u00a0<\/p>\n<p><b>V pr\u00edpade ak\u00fdchko\u013evek dodato\u010dn\u00fdch ot\u00e1zok n\u00e1s nev\u00e1hajte kontaktova\u0165 (<a href=\"mailto:da@flaw.uniba.sk\">da@flaw.uniba.sk<\/a>). Radi v\u00e1m odpovieme na va\u0161e ot\u00e1zky.<\/b><\/p>\n<p><!--ScriptorEndFragment--><\/p>\n<\/div>\t\t\t\t\t\t\t\t<\/div>\n\t\t\t\t<\/div>\n\t\t\t\t\t<\/div>\n\t\t\t\t<\/div>\n\t\t<div class=\"elementor-element elementor-element-4d889789 e-flex e-con-boxed e-con e-parent\" data-id=\"4d889789\" data-element_type=\"container\" data-e-type=\"container\">\n\t\t\t\t\t<div class=\"e-con-inner\">\n\t\t\t\t\t<\/div>\n\t\t\t\t<\/div>\n\t\t<div class=\"elementor-element elementor-element-18a6eba6 e-flex e-con-boxed e-con e-parent\" data-id=\"18a6eba6\" data-element_type=\"container\" data-e-type=\"container\">\n\t\t\t\t\t<div class=\"e-con-inner\">\n\t\t\t\t\t<\/div>\n\t\t\t\t<\/div>\n\t\t<div class=\"elementor-element elementor-element-33d52f57 e-flex e-con-boxed e-con e-parent\" data-id=\"33d52f57\" data-element_type=\"container\" data-e-type=\"container\">\n\t\t\t\t\t<div class=\"e-con-inner\">\n\t\t\t\t<div class=\"elementor-element elementor-element-6e0c46fe elementor-absolute elementor-widget elementor-widget-image\" data-id=\"6e0c46fe\" data-element_type=\"widget\" data-e-type=\"widget\" data-settings=\"{&quot;_position&quot;:&quot;absolute&quot;}\" data-widget_type=\"image.default\">\n\t\t\t\t<div class=\"elementor-widget-container\">\n\t\t\t\t\t\t\t\t\t\t\t\t\t\t\t<img fetchpriority=\"high\" decoding=\"async\" width=\"1024\" height=\"330\" src=\"https:\/\/dakr.flaw.uniba.sk\/wp-content\/uploads\/2025\/04\/sk-biele-5-1024x330.png\" class=\"attachment-large size-large wp-image-1781\" alt=\"\" srcset=\"https:\/\/dakr.flaw.uniba.sk\/wp-content\/uploads\/2025\/04\/sk-biele-5-1024x330.png 1024w, https:\/\/dakr.flaw.uniba.sk\/wp-content\/uploads\/2025\/04\/sk-biele-5-300x97.png 300w, https:\/\/dakr.flaw.uniba.sk\/wp-content\/uploads\/2025\/04\/sk-biele-5-768x247.png 768w, https:\/\/dakr.flaw.uniba.sk\/wp-content\/uploads\/2025\/04\/sk-biele-5-18x6.png 18w, https:\/\/dakr.flaw.uniba.sk\/wp-content\/uploads\/2025\/04\/sk-biele-5.png 1078w\" sizes=\"(max-width: 1024px) 100vw, 1024px\" \/>\t\t\t\t\t\t\t\t\t\t\t\t\t\t\t<\/div>\n\t\t\t\t<\/div>\n\t\t\t\t\t<\/div>\n\t\t\t\t<\/div>\n\t\t\t\t<\/div>","protected":false},"excerpt":{"rendered":"<p>Vzdel\u00e1vac\u00ed program: Medzin\u00e1rodn\u00e9 pr\u00e1vo a diplomacia \u00a0 \u0160tudujte medzin\u00e1rodn\u00e9 pr\u00e1vo a diplomaciu na Diplomatickej akad\u00e9mii Karola Ryb\u00e1rika\u00a0 &#8211;\u00a0 dopl\u0148uj\u00face jednoro\u010dn\u00e9 \u0161pecializa\u010dn\u00e9 vzdel\u00e1vanie O programe Vzdel\u00e1vac\u00ed program Medzin\u00e1rodn\u00e9 pr\u00e1vo a diplomacia predstavuje ro\u010dn\u00e9 odborn\u00e9 vzdel\u00e1vanie pre absolventov druh\u00e9ho stup\u0148a vysoko\u0161kolsk\u00e9ho \u0161t\u00fadia, ktor\u00ed sa chc\u00fa profilova\u0165 v oblasti diplomacie, medzin\u00e1rodn\u00e9ho pr\u00e1va a glob\u00e1lnych vz\u0165ahov. Program je poskytovan\u00fd [&hellip;]<\/p>\n","protected":false},"author":8,"featured_media":0,"parent":0,"menu_order":0,"comment_status":"closed","ping_status":"closed","template":"","meta":{"site-sidebar-layout":"no-sidebar","site-content-layout":"page-builder","ast-site-content-layout":"full-width-container","site-content-style":"default","site-sidebar-style":"default","ast-global-header-display":"","ast-banner-title-visibility":"","ast-main-header-display":"","ast-hfb-above-header-display":"","ast-hfb-below-header-display":"","ast-hfb-mobile-header-display":"","site-post-title":"disabled","ast-breadcrumbs-content":"","ast-featured-img":"disabled","footer-sml-layout":"","ast-disable-related-posts":"","theme-transparent-header-meta":"","adv-header-id-meta":"","stick-header-meta":"","header-above-stick-meta":"","header-main-stick-meta":"","header-below-stick-meta":"","astra-migrate-meta-layouts":"default","ast-page-background-enabled":"default","ast-page-background-meta":{"desktop":{"background-color":"","background-image":"","background-repeat":"repeat","background-position":"center center","background-size":"auto","background-attachment":"scroll","background-type":"","background-media":"","overlay-type":"","overlay-color":"","overlay-opacity":"","overlay-gradient":""},"tablet":{"background-color":"","background-image":"","background-repeat":"repeat","background-position":"center center","background-size":"auto","background-attachment":"scroll","background-type":"","background-media":"","overlay-type":"","overlay-color":"","overlay-opacity":"","overlay-gradient":""},"mobile":{"background-color":"","background-image":"","background-repeat":"repeat","background-position":"center center","background-size":"auto","background-attachment":"scroll","background-type":"","background-media":"","overlay-type":"","overlay-color":"","overlay-opacity":"","overlay-gradient":""}},"ast-content-background-meta":{"desktop":{"background-color":"var(--ast-global-color-5)","background-image":"","background-repeat":"repeat","background-position":"center center","background-size":"auto","background-attachment":"scroll","background-type":"","background-media":"","overlay-type":"","overlay-color":"","overlay-opacity":"","overlay-gradient":""},"tablet":{"background-color":"var(--ast-global-color-5)","background-image":"","background-repeat":"repeat","background-position":"center center","background-size":"auto","background-attachment":"scroll","background-type":"","background-media":"","overlay-type":"","overlay-color":"","overlay-opacity":"","overlay-gradient":""},"mobile":{"background-color":"var(--ast-global-color-5)","background-image":"","background-repeat":"repeat","background-position":"center center","background-size":"auto","background-attachment":"scroll","background-type":"","background-media":"","overlay-type":"","overlay-color":"","overlay-opacity":"","overlay-gradient":""}},"footnotes":""},"class_list":["post-2485","page","type-page","status-publish","hentry"],"yoast_head":"<!-- This site is optimized with the Yoast SEO plugin v27.3 - https:\/\/yoast.com\/product\/yoast-seo-wordpress\/ -->\n<title>\u0160tudijn\u00fd program medzin\u00e1rodn\u00e9 vz\u0165ahy a diplomacia - Diplomatick\u00e1 akad\u00e9mia Karola Ryb\u00e1rika<\/title>\n<meta name=\"robots\" content=\"index, follow, max-snippet:-1, max-image-preview:large, max-video-preview:-1\" \/>\n<link rel=\"canonical\" href=\"https:\/\/dakr.flaw.uniba.sk\/sk\/studijny-program-medzinarodne-vztahy-a-diplomacia\/\" \/>\n<meta property=\"og:locale\" content=\"sk_SK\" \/>\n<meta property=\"og:type\" content=\"article\" \/>\n<meta property=\"og:title\" content=\"\u0160tudijn\u00fd program medzin\u00e1rodn\u00e9 vz\u0165ahy a diplomacia - Diplomatick\u00e1 akad\u00e9mia Karola Ryb\u00e1rika\" \/>\n<meta property=\"og:description\" content=\"Vzdel\u00e1vac\u00ed program: Medzin\u00e1rodn\u00e9 pr\u00e1vo a diplomacia \u00a0 \u0160tudujte medzin\u00e1rodn\u00e9 pr\u00e1vo a diplomaciu na Diplomatickej akad\u00e9mii Karola Ryb\u00e1rika\u00a0 &#8211;\u00a0 dopl\u0148uj\u00face jednoro\u010dn\u00e9 \u0161pecializa\u010dn\u00e9 vzdel\u00e1vanie O programe Vzdel\u00e1vac\u00ed program Medzin\u00e1rodn\u00e9 pr\u00e1vo a diplomacia predstavuje ro\u010dn\u00e9 odborn\u00e9 vzdel\u00e1vanie pre absolventov druh\u00e9ho stup\u0148a vysoko\u0161kolsk\u00e9ho \u0161t\u00fadia, ktor\u00ed sa chc\u00fa profilova\u0165 v oblasti diplomacie, medzin\u00e1rodn\u00e9ho pr\u00e1va a glob\u00e1lnych vz\u0165ahov. Program je poskytovan\u00fd [&hellip;]\" \/>\n<meta property=\"og:url\" content=\"https:\/\/dakr.flaw.uniba.sk\/sk\/studijny-program-medzinarodne-vztahy-a-diplomacia\/\" \/>\n<meta property=\"og:site_name\" content=\"Diplomatick\u00e1 akad\u00e9mia Karola Ryb\u00e1rika\" \/>\n<meta property=\"article:modified_time\" content=\"2026-01-07T16:04:51+00:00\" \/>\n<meta property=\"og:image\" content=\"https:\/\/dakr.flaw.uniba.sk\/wp-content\/uploads\/2025\/04\/sk-biele-5.png\" \/>\n\t<meta property=\"og:image:width\" content=\"1078\" \/>\n\t<meta property=\"og:image:height\" content=\"347\" \/>\n\t<meta property=\"og:image:type\" content=\"image\/png\" \/>\n<meta name=\"twitter:card\" content=\"summary_large_image\" \/>\n<meta name=\"twitter:label1\" content=\"Predpokladan\u00fd \u010das \u010d\u00edtania\" \/>\n\t<meta name=\"twitter:data1\" content=\"4 min\u00faty\" \/>\n<script type=\"application\/ld+json\" class=\"yoast-schema-graph\">{\"@context\":\"https:\\\/\\\/schema.org\",\"@graph\":[{\"@type\":\"WebPage\",\"@id\":\"https:\\\/\\\/dakr.flaw.uniba.sk\\\/studijny-program-medzinarodne-vztahy-a-diplomacia\\\/\",\"url\":\"https:\\\/\\\/dakr.flaw.uniba.sk\\\/studijny-program-medzinarodne-vztahy-a-diplomacia\\\/\",\"name\":\"\u0160tudijn\u00fd program medzin\u00e1rodn\u00e9 vz\u0165ahy a diplomacia - Diplomatick\u00e1 akad\u00e9mia Karola Ryb\u00e1rika\",\"isPartOf\":{\"@id\":\"https:\\\/\\\/dakr.flaw.uniba.sk\\\/sk\\\/#website\"},\"primaryImageOfPage\":{\"@id\":\"https:\\\/\\\/dakr.flaw.uniba.sk\\\/studijny-program-medzinarodne-vztahy-a-diplomacia\\\/#primaryimage\"},\"image\":{\"@id\":\"https:\\\/\\\/dakr.flaw.uniba.sk\\\/studijny-program-medzinarodne-vztahy-a-diplomacia\\\/#primaryimage\"},\"thumbnailUrl\":\"https:\\\/\\\/dakr.flaw.uniba.sk\\\/wp-content\\\/uploads\\\/2025\\\/04\\\/sk-biele-5-1024x330.png\",\"datePublished\":\"2025-05-02T23:49:59+00:00\",\"dateModified\":\"2026-01-07T16:04:51+00:00\",\"breadcrumb\":{\"@id\":\"https:\\\/\\\/dakr.flaw.uniba.sk\\\/studijny-program-medzinarodne-vztahy-a-diplomacia\\\/#breadcrumb\"},\"inLanguage\":\"sk-SK\",\"potentialAction\":[{\"@type\":\"ReadAction\",\"target\":[\"https:\\\/\\\/dakr.flaw.uniba.sk\\\/studijny-program-medzinarodne-vztahy-a-diplomacia\\\/\"]}]},{\"@type\":\"ImageObject\",\"inLanguage\":\"sk-SK\",\"@id\":\"https:\\\/\\\/dakr.flaw.uniba.sk\\\/studijny-program-medzinarodne-vztahy-a-diplomacia\\\/#primaryimage\",\"url\":\"https:\\\/\\\/dakr.flaw.uniba.sk\\\/wp-content\\\/uploads\\\/2025\\\/04\\\/sk-biele-5-1024x330.png\",\"contentUrl\":\"https:\\\/\\\/dakr.flaw.uniba.sk\\\/wp-content\\\/uploads\\\/2025\\\/04\\\/sk-biele-5-1024x330.png\"},{\"@type\":\"BreadcrumbList\",\"@id\":\"https:\\\/\\\/dakr.flaw.uniba.sk\\\/studijny-program-medzinarodne-vztahy-a-diplomacia\\\/#breadcrumb\",\"itemListElement\":[{\"@type\":\"ListItem\",\"position\":1,\"name\":\"Home\",\"item\":\"https:\\\/\\\/dakr.flaw.uniba.sk\\\/\"},{\"@type\":\"ListItem\",\"position\":2,\"name\":\"\u0160tudijn\u00fd program medzin\u00e1rodn\u00e9 vz\u0165ahy a diplomacia\"}]},{\"@type\":\"WebSite\",\"@id\":\"https:\\\/\\\/dakr.flaw.uniba.sk\\\/sk\\\/#website\",\"url\":\"https:\\\/\\\/dakr.flaw.uniba.sk\\\/sk\\\/\",\"name\":\"Diplomatick\u00e1 akad\u00e9mia Karola Ryb\u00e1rika\",\"description\":\"Personal Portfolio Website\",\"publisher\":{\"@id\":\"https:\\\/\\\/dakr.flaw.uniba.sk\\\/sk\\\/#organization\"},\"potentialAction\":[{\"@type\":\"SearchAction\",\"target\":{\"@type\":\"EntryPoint\",\"urlTemplate\":\"https:\\\/\\\/dakr.flaw.uniba.sk\\\/sk\\\/?s={search_term_string}\"},\"query-input\":{\"@type\":\"PropertyValueSpecification\",\"valueRequired\":true,\"valueName\":\"search_term_string\"}}],\"inLanguage\":\"sk-SK\"},{\"@type\":\"Organization\",\"@id\":\"https:\\\/\\\/dakr.flaw.uniba.sk\\\/sk\\\/#organization\",\"name\":\"Diplomatick\u00e1 akad\u00e9mia Karola Ryb\u00e1rika\",\"url\":\"https:\\\/\\\/dakr.flaw.uniba.sk\\\/sk\\\/\",\"logo\":{\"@type\":\"ImageObject\",\"inLanguage\":\"sk-SK\",\"@id\":\"https:\\\/\\\/dakr.flaw.uniba.sk\\\/sk\\\/#\\\/schema\\\/logo\\\/image\\\/\",\"url\":\"https:\\\/\\\/dakr.flaw.uniba.sk\\\/wp-content\\\/uploads\\\/2025\\\/04\\\/cropped-sk-farebne-1.png\",\"contentUrl\":\"https:\\\/\\\/dakr.flaw.uniba.sk\\\/wp-content\\\/uploads\\\/2025\\\/04\\\/cropped-sk-farebne-1.png\",\"width\":1073,\"height\":347,\"caption\":\"Diplomatick\u00e1 akad\u00e9mia Karola Ryb\u00e1rika\"},\"image\":{\"@id\":\"https:\\\/\\\/dakr.flaw.uniba.sk\\\/sk\\\/#\\\/schema\\\/logo\\\/image\\\/\"}}]}<\/script>\n<!-- \/ Yoast SEO plugin. -->","yoast_head_json":{"title":"\u0160tudijn\u00fd program medzin\u00e1rodn\u00e9 vz\u0165ahy a diplomacia - Diplomatick\u00e1 akad\u00e9mia Karola Ryb\u00e1rika","robots":{"index":"index","follow":"follow","max-snippet":"max-snippet:-1","max-image-preview":"max-image-preview:large","max-video-preview":"max-video-preview:-1"},"canonical":"https:\/\/dakr.flaw.uniba.sk\/sk\/studijny-program-medzinarodne-vztahy-a-diplomacia\/","og_locale":"sk_SK","og_type":"article","og_title":"\u0160tudijn\u00fd program medzin\u00e1rodn\u00e9 vz\u0165ahy a diplomacia - Diplomatick\u00e1 akad\u00e9mia Karola Ryb\u00e1rika","og_description":"Vzdel\u00e1vac\u00ed program: Medzin\u00e1rodn\u00e9 pr\u00e1vo a diplomacia \u00a0 \u0160tudujte medzin\u00e1rodn\u00e9 pr\u00e1vo a diplomaciu na Diplomatickej akad\u00e9mii Karola Ryb\u00e1rika\u00a0 &#8211;\u00a0 dopl\u0148uj\u00face jednoro\u010dn\u00e9 \u0161pecializa\u010dn\u00e9 vzdel\u00e1vanie O programe Vzdel\u00e1vac\u00ed program Medzin\u00e1rodn\u00e9 pr\u00e1vo a diplomacia predstavuje ro\u010dn\u00e9 odborn\u00e9 vzdel\u00e1vanie pre absolventov druh\u00e9ho stup\u0148a vysoko\u0161kolsk\u00e9ho \u0161t\u00fadia, ktor\u00ed sa chc\u00fa profilova\u0165 v oblasti diplomacie, medzin\u00e1rodn\u00e9ho pr\u00e1va a glob\u00e1lnych vz\u0165ahov. Program je poskytovan\u00fd [&hellip;]","og_url":"https:\/\/dakr.flaw.uniba.sk\/sk\/studijny-program-medzinarodne-vztahy-a-diplomacia\/","og_site_name":"Diplomatick\u00e1 akad\u00e9mia Karola Ryb\u00e1rika","article_modified_time":"2026-01-07T16:04:51+00:00","og_image":[{"width":1078,"height":347,"url":"https:\/\/dakr.flaw.uniba.sk\/wp-content\/uploads\/2025\/04\/sk-biele-5.png","type":"image\/png"}],"twitter_card":"summary_large_image","twitter_misc":{"Predpokladan\u00fd \u010das \u010d\u00edtania":"4 min\u00faty"},"schema":{"@context":"https:\/\/schema.org","@graph":[{"@type":"WebPage","@id":"https:\/\/dakr.flaw.uniba.sk\/studijny-program-medzinarodne-vztahy-a-diplomacia\/","url":"https:\/\/dakr.flaw.uniba.sk\/studijny-program-medzinarodne-vztahy-a-diplomacia\/","name":"\u0160tudijn\u00fd program medzin\u00e1rodn\u00e9 vz\u0165ahy a diplomacia - Diplomatick\u00e1 akad\u00e9mia Karola Ryb\u00e1rika","isPartOf":{"@id":"https:\/\/dakr.flaw.uniba.sk\/sk\/#website"},"primaryImageOfPage":{"@id":"https:\/\/dakr.flaw.uniba.sk\/studijny-program-medzinarodne-vztahy-a-diplomacia\/#primaryimage"},"image":{"@id":"https:\/\/dakr.flaw.uniba.sk\/studijny-program-medzinarodne-vztahy-a-diplomacia\/#primaryimage"},"thumbnailUrl":"https:\/\/dakr.flaw.uniba.sk\/wp-content\/uploads\/2025\/04\/sk-biele-5-1024x330.png","datePublished":"2025-05-02T23:49:59+00:00","dateModified":"2026-01-07T16:04:51+00:00","breadcrumb":{"@id":"https:\/\/dakr.flaw.uniba.sk\/studijny-program-medzinarodne-vztahy-a-diplomacia\/#breadcrumb"},"inLanguage":"sk-SK","potentialAction":[{"@type":"ReadAction","target":["https:\/\/dakr.flaw.uniba.sk\/studijny-program-medzinarodne-vztahy-a-diplomacia\/"]}]},{"@type":"ImageObject","inLanguage":"sk-SK","@id":"https:\/\/dakr.flaw.uniba.sk\/studijny-program-medzinarodne-vztahy-a-diplomacia\/#primaryimage","url":"https:\/\/dakr.flaw.uniba.sk\/wp-content\/uploads\/2025\/04\/sk-biele-5-1024x330.png","contentUrl":"https:\/\/dakr.flaw.uniba.sk\/wp-content\/uploads\/2025\/04\/sk-biele-5-1024x330.png"},{"@type":"BreadcrumbList","@id":"https:\/\/dakr.flaw.uniba.sk\/studijny-program-medzinarodne-vztahy-a-diplomacia\/#breadcrumb","itemListElement":[{"@type":"ListItem","position":1,"name":"Home","item":"https:\/\/dakr.flaw.uniba.sk\/"},{"@type":"ListItem","position":2,"name":"\u0160tudijn\u00fd program medzin\u00e1rodn\u00e9 vz\u0165ahy a diplomacia"}]},{"@type":"WebSite","@id":"https:\/\/dakr.flaw.uniba.sk\/sk\/#website","url":"https:\/\/dakr.flaw.uniba.sk\/sk\/","name":"Diplomatick\u00e1 akad\u00e9mia Karola Ryb\u00e1rika","description":"Personal Portfolio Website","publisher":{"@id":"https:\/\/dakr.flaw.uniba.sk\/sk\/#organization"},"potentialAction":[{"@type":"SearchAction","target":{"@type":"EntryPoint","urlTemplate":"https:\/\/dakr.flaw.uniba.sk\/sk\/?s={search_term_string}"},"query-input":{"@type":"PropertyValueSpecification","valueRequired":true,"valueName":"search_term_string"}}],"inLanguage":"sk-SK"},{"@type":"Organization","@id":"https:\/\/dakr.flaw.uniba.sk\/sk\/#organization","name":"Diplomatick\u00e1 akad\u00e9mia Karola Ryb\u00e1rika","url":"https:\/\/dakr.flaw.uniba.sk\/sk\/","logo":{"@type":"ImageObject","inLanguage":"sk-SK","@id":"https:\/\/dakr.flaw.uniba.sk\/sk\/#\/schema\/logo\/image\/","url":"https:\/\/dakr.flaw.uniba.sk\/wp-content\/uploads\/2025\/04\/cropped-sk-farebne-1.png","contentUrl":"https:\/\/dakr.flaw.uniba.sk\/wp-content\/uploads\/2025\/04\/cropped-sk-farebne-1.png","width":1073,"height":347,"caption":"Diplomatick\u00e1 akad\u00e9mia Karola Ryb\u00e1rika"},"image":{"@id":"https:\/\/dakr.flaw.uniba.sk\/sk\/#\/schema\/logo\/image\/"}}]}},"_links":{"self":[{"href":"https:\/\/dakr.flaw.uniba.sk\/sk\/wp-json\/wp\/v2\/pages\/2485","targetHints":{"allow":["GET"]}}],"collection":[{"href":"https:\/\/dakr.flaw.uniba.sk\/sk\/wp-json\/wp\/v2\/pages"}],"about":[{"href":"https:\/\/dakr.flaw.uniba.sk\/sk\/wp-json\/wp\/v2\/types\/page"}],"author":[{"embeddable":true,"href":"https:\/\/dakr.flaw.uniba.sk\/sk\/wp-json\/wp\/v2\/users\/8"}],"replies":[{"embeddable":true,"href":"https:\/\/dakr.flaw.uniba.sk\/sk\/wp-json\/wp\/v2\/comments?post=2485"}],"version-history":[{"count":163,"href":"https:\/\/dakr.flaw.uniba.sk\/sk\/wp-json\/wp\/v2\/pages\/2485\/revisions"}],"predecessor-version":[{"id":4359,"href":"https:\/\/dakr.flaw.uniba.sk\/sk\/wp-json\/wp\/v2\/pages\/2485\/revisions\/4359"}],"wp:attachment":[{"href":"https:\/\/dakr.flaw.uniba.sk\/sk\/wp-json\/wp\/v2\/media?parent=2485"}],"curies":[{"name":"wp","href":"https:\/\/api.w.org\/{rel}","templated":true}]}}